{"id":4494,"date":"2017-10-29T19:24:20","date_gmt":"2017-10-29T17:24:20","guid":{"rendered":"http:\/\/kathrinbode.de\/art\/?page_id=4494"},"modified":"2017-10-29T19:24:20","modified_gmt":"2017-10-29T17:24:20","slug":"kater-bob-und-das-zaehneputzen","status":"publish","type":"page","link":"http:\/\/kathrinbode.de\/art\/tierisches\/kater-bob-und-das-zaehneputzen\/","title":{"rendered":"Kater Bob und das Z\u00e4hneputzen"},"content":{"rendered":"<p>Kann man Katzen Z\u00e4hneputzen?<br \/>\nBob hat Zahnstein und zwar massig! Eine kleine Entz\u00fcndung ist auch dabei. Nun  ist Z\u00e4hneputzen angesagt. Und ja, das klappt. Bei Bob. Bei Jack w\u00e4re das eine ganz andere Geschichte. Doch Bob l\u00e4sst sich die Z\u00e4hne putzen.<del> Ein wenig m\u00fcssen wir (nein ich) noch \u00fcben, damit die Z\u00e4hne wirklich erwischt werden. <\/del> Aber ein dicker Brocken ist schon abgefallen! Der lag pl\u00f6tzlich da. F\u00fcr die Entz\u00fcndung gibt es Dentisept.<\/p>\n<figure id=\"attachment_3776\" aria-describedby=\"caption-attachment-3776\" style=\"width: 300px\" class=\"wp-caption aligncenter\"><a href=\"https:\/\/i0.wp.com\/kathrinbode.de\/art\/wp-content\/uploads\/2017\/07\/Bob-23_06_2017-7.jpg\" rel=\"wpdevart_lightbox\"><img data-recalc-dims=\"1\" loading=\"lazy\" decoding=\"async\" data-attachment-id=\"3776\" data-permalink=\"http:\/\/kathrinbode.de\/art\/2017\/07\/kater-bob-und-das-zaehneputzen-mit-video\/bob-23_06_2017-7\/\" data-orig-file=\"https:\/\/i0.wp.com\/kathrinbode.de\/art\/wp-content\/uploads\/2017\/07\/Bob-23_06_2017-7.jpg?fit=2904%2C2311\" data-orig-size=\"2904,2311\" data-comments-opened=\"1\" data-image-meta=\"{&quot;aperture&quot;:&quot;2.2&quot;,&quot;credit&quot;:&quot;&quot;,&quot;camera&quot;:&quot;iPhone SE&quot;,&quot;caption&quot;:&quot;&quot;,&quot;created_timestamp&quot;:&quot;1498246794&quot;,&quot;copyright&quot;:&quot;&quot;,&quot;focal_length&quot;:&quot;4.15&quot;,&quot;iso&quot;:&quot;125&quot;,&quot;shutter_speed&quot;:&quot;0.028571428571429&quot;,&quot;title&quot;:&quot;&quot;,&quot;orientation&quot;:&quot;1&quot;}\" data-image-title=\"Bob 23_06_2017 (7)\" data-image-description=\"\" data-image-caption=\"\" data-large-file=\"https:\/\/i0.wp.com\/kathrinbode.de\/art\/wp-content\/uploads\/2017\/07\/Bob-23_06_2017-7.jpg?fit=1024%2C815\" class=\"wp-image-3776 size-medium\" src=\"https:\/\/i0.wp.com\/kathrinbode.de\/art\/wp-content\/uploads\/2017\/07\/Bob-23_06_2017-7.jpg?resize=300%2C239\" alt=\"\" width=\"300\" height=\"239\" srcset=\"https:\/\/i0.wp.com\/kathrinbode.de\/art\/wp-content\/uploads\/2017\/07\/Bob-23_06_2017-7.jpg?resize=300%2C239 300w, https:\/\/i0.wp.com\/kathrinbode.de\/art\/wp-content\/uploads\/2017\/07\/Bob-23_06_2017-7.jpg?resize=768%2C611 768w, https:\/\/i0.wp.com\/kathrinbode.de\/art\/wp-content\/uploads\/2017\/07\/Bob-23_06_2017-7.jpg?resize=1024%2C815 1024w, https:\/\/i0.wp.com\/kathrinbode.de\/art\/wp-content\/uploads\/2017\/07\/Bob-23_06_2017-7.jpg?resize=478%2C380 478w, https:\/\/i0.wp.com\/kathrinbode.de\/art\/wp-content\/uploads\/2017\/07\/Bob-23_06_2017-7.jpg?w=2000 2000w\" sizes=\"auto, (max-width: 300px) 100vw, 300px\" \/><\/a><figcaption id=\"caption-attachment-3776\" class=\"wp-caption-text\">Zahnstein ohne Ende!<\/figcaption><\/figure>\n<p><!--more--><\/p>\n<figure id=\"attachment_3777\" aria-describedby=\"caption-attachment-3777\" style=\"width: 225px\" class=\"wp-caption aligncenter\"><a href=\"https:\/\/i0.wp.com\/kathrinbode.de\/art\/wp-content\/uploads\/2017\/07\/IMG_4821.jpg\" rel=\"wpdevart_lightbox\"><img data-recalc-dims=\"1\" loading=\"lazy\" decoding=\"async\" data-attachment-id=\"3777\" data-permalink=\"http:\/\/kathrinbode.de\/art\/2017\/07\/kater-bob-und-das-zaehneputzen-mit-video\/img_4821\/\" data-orig-file=\"https:\/\/i0.wp.com\/kathrinbode.de\/art\/wp-content\/uploads\/2017\/07\/IMG_4821.jpg?fit=960%2C1280\" data-orig-size=\"960,1280\" data-comments-opened=\"1\" data-image-meta=\"{&quot;aperture&quot;:&quot;0&quot;,&quot;credit&quot;:&quot;&quot;,&quot;camera&quot;:&quot;&quot;,&quot;caption&quot;:&quot;&quot;,&quot;created_timestamp&quot;:&quot;0&quot;,&quot;copyright&quot;:&quot;&quot;,&quot;focal_length&quot;:&quot;0&quot;,&quot;iso&quot;:&quot;0&quot;,&quot;shutter_speed&quot;:&quot;0&quot;,&quot;title&quot;:&quot;&quot;,&quot;orientation&quot;:&quot;1&quot;}\" data-image-title=\"IMG_4821\" data-image-description=\"\" data-image-caption=\"\" data-large-file=\"https:\/\/i0.wp.com\/kathrinbode.de\/art\/wp-content\/uploads\/2017\/07\/IMG_4821.jpg?fit=768%2C1024\" class=\"wp-image-3777 size-medium\" src=\"https:\/\/i0.wp.com\/kathrinbode.de\/art\/wp-content\/uploads\/2017\/07\/IMG_4821.jpg?resize=225%2C300\" alt=\"\" width=\"225\" height=\"300\" srcset=\"https:\/\/i0.wp.com\/kathrinbode.de\/art\/wp-content\/uploads\/2017\/07\/IMG_4821.jpg?resize=225%2C300 225w, https:\/\/i0.wp.com\/kathrinbode.de\/art\/wp-content\/uploads\/2017\/07\/IMG_4821.jpg?resize=768%2C1024 768w, https:\/\/i0.wp.com\/kathrinbode.de\/art\/wp-content\/uploads\/2017\/07\/IMG_4821.jpg?resize=285%2C380 285w, https:\/\/i0.wp.com\/kathrinbode.de\/art\/wp-content\/uploads\/2017\/07\/IMG_4821.jpg?w=960 960w\" sizes=\"auto, (max-width: 225px) 100vw, 225px\" \/><\/a><figcaption id=\"caption-attachment-3777\" class=\"wp-caption-text\">Brocken<\/figcaption><\/figure>\n<p>Als es nach dem Tierarztbesuch hie\u00df: Z\u00e4hneputzen &#8211; wurde erst mal eingekauft. Alles, was passend erschien: ausprobieren!<br \/>\nBild eins: Die Kinderzahnb\u00fcrsten wurden unterwegs im <span style=\"color: #ff0000;\">Supermarkt<\/span> gekauft. Die lange, beidseitige Zahnb\u00fcrste + Zahncreme + Fingerzahnb\u00fcrste gab es \u00fcber das Internet bei <span class=\"_5afx\"><span class=\"_58cm\" style=\"color: #ff0000;\">Medpets<\/span><\/span> im Set. Die <span class=\"_5afx\"><span class=\"_58cm\" style=\"color: #ff0000;\">Petosan<\/span><\/span> Zahnpasta \u00fcber <span style=\"color: #ff0000;\">Amazon<\/span> bei <span class=\"_5afx\"><span class=\"_58cm\" style=\"color: #ff0000;\">PremiumPetshop<\/span><\/span>. Die <span class=\"_5afx\"><span class=\"_58cm\" style=\"color: #ff0000;\">beaphar<\/span><\/span><span class=\"_5afx\"> <span class=\"_58cm\">Zahnpasta<\/span><\/span> im <span class=\"_5afx\"><span class=\"_58cm\" style=\"color: #ff0000;\">Futterhaus<\/span><\/span>.<br \/>\nBild zwei zeigt dann, was nun<span class=\"text_exposed_show\"> tats\u00e4chlich benutzt wird. Die kleinere Seite der langen Zahnb\u00fcrste und die Micky\/Minnie Maus Zahnb\u00fcrste von<span style=\"color: #ff0000;\"> Oral B<\/span>. Ich h\u00e4tte ja lieber Bob, der Baumeister gehabt&#8230;<br \/>\nZahnpasta im Wechsel <span style=\"color: #ff0000;\">Petosan<\/span> und <span style=\"color: #ff0000;\">beaphar<\/span>.<br \/>\nIch kann da jetzt keinen gro\u00dfen &#8222;die mag ich aber lieber&#8220; Effekt fest stellen.<br \/>\nBild drei zeigt dann Bob, der sich nun schon fast alleine die Z\u00e4hne putzt <\/span><\/p>\n<figure id=\"attachment_3778\" aria-describedby=\"caption-attachment-3778\" style=\"width: 300px\" class=\"wp-caption aligncenter\"><a href=\"https:\/\/i0.wp.com\/kathrinbode.de\/art\/wp-content\/uploads\/2017\/07\/rtz-16.jpg\" rel=\"wpdevart_lightbox\"><img data-recalc-dims=\"1\" loading=\"lazy\" decoding=\"async\" data-attachment-id=\"3778\" data-permalink=\"http:\/\/kathrinbode.de\/art\/2017\/07\/kater-bob-und-das-zaehneputzen-mit-video\/rtz-16\/\" data-orig-file=\"https:\/\/i0.wp.com\/kathrinbode.de\/art\/wp-content\/uploads\/2017\/07\/rtz-16.jpg?fit=4032%2C3024\" data-orig-size=\"4032,3024\" data-comments-opened=\"1\" data-image-meta=\"{&quot;aperture&quot;:&quot;2.2&quot;,&quot;credit&quot;:&quot;&quot;,&quot;camera&quot;:&quot;iPhone SE&quot;,&quot;caption&quot;:&quot;&quot;,&quot;created_timestamp&quot;:&quot;1500057267&quot;,&quot;copyright&quot;:&quot;&quot;,&quot;focal_length&quot;:&quot;4.15&quot;,&quot;iso&quot;:&quot;200&quot;,&quot;shutter_speed&quot;:&quot;0.04&quot;,&quot;title&quot;:&quot;&quot;,&quot;orientation&quot;:&quot;1&quot;}\" data-image-title=\"rtz (16)\" data-image-description=\"\" data-image-caption=\"\" data-large-file=\"https:\/\/i0.wp.com\/kathrinbode.de\/art\/wp-content\/uploads\/2017\/07\/rtz-16.jpg?fit=1024%2C768\" class=\"wp-image-3778 size-medium\" src=\"https:\/\/i0.wp.com\/kathrinbode.de\/art\/wp-content\/uploads\/2017\/07\/rtz-16.jpg?resize=300%2C225\" alt=\"\" width=\"300\" height=\"225\" srcset=\"https:\/\/i0.wp.com\/kathrinbode.de\/art\/wp-content\/uploads\/2017\/07\/rtz-16.jpg?resize=300%2C225 300w, https:\/\/i0.wp.com\/kathrinbode.de\/art\/wp-content\/uploads\/2017\/07\/rtz-16.jpg?resize=768%2C576 768w, https:\/\/i0.wp.com\/kathrinbode.de\/art\/wp-content\/uploads\/2017\/07\/rtz-16.jpg?resize=1024%2C768 1024w, https:\/\/i0.wp.com\/kathrinbode.de\/art\/wp-content\/uploads\/2017\/07\/rtz-16.jpg?resize=507%2C380 507w, https:\/\/i0.wp.com\/kathrinbode.de\/art\/wp-content\/uploads\/2017\/07\/rtz-16.jpg?w=2000 2000w, https:\/\/i0.wp.com\/kathrinbode.de\/art\/wp-content\/uploads\/2017\/07\/rtz-16.jpg?w=3000 3000w\" sizes=\"auto, (max-width: 300px) 100vw, 300px\" \/><\/a><figcaption id=\"caption-attachment-3778\" class=\"wp-caption-text\">Gro\u00dfer Einkauf!<\/figcaption><\/figure>\n<figure id=\"attachment_3780\" aria-describedby=\"caption-attachment-3780\" style=\"width: 225px\" class=\"wp-caption aligncenter\"><a href=\"https:\/\/i0.wp.com\/kathrinbode.de\/art\/wp-content\/uploads\/2017\/07\/rtz-20.jpg\" rel=\"wpdevart_lightbox\"><img data-recalc-dims=\"1\" loading=\"lazy\" decoding=\"async\" data-attachment-id=\"3780\" data-permalink=\"http:\/\/kathrinbode.de\/art\/2017\/07\/kater-bob-und-das-zaehneputzen-mit-video\/rtz-20\/\" data-orig-file=\"https:\/\/i0.wp.com\/kathrinbode.de\/art\/wp-content\/uploads\/2017\/07\/rtz-20.jpg?fit=2866%2C3821\" data-orig-size=\"2866,3821\" data-comments-opened=\"1\" data-image-meta=\"{&quot;aperture&quot;:&quot;2.2&quot;,&quot;credit&quot;:&quot;&quot;,&quot;camera&quot;:&quot;iPhone SE&quot;,&quot;caption&quot;:&quot;&quot;,&quot;created_timestamp&quot;:&quot;1500057506&quot;,&quot;copyright&quot;:&quot;&quot;,&quot;focal_length&quot;:&quot;4.15&quot;,&quot;iso&quot;:&quot;500&quot;,&quot;shutter_speed&quot;:&quot;0.058823529411765&quot;,&quot;title&quot;:&quot;&quot;,&quot;orientation&quot;:&quot;1&quot;}\" data-image-title=\"rtz (20)\" data-image-description=\"\" data-image-caption=\"\" data-large-file=\"https:\/\/i0.wp.com\/kathrinbode.de\/art\/wp-content\/uploads\/2017\/07\/rtz-20.jpg?fit=768%2C1024\" class=\"wp-image-3780 size-medium\" src=\"https:\/\/i0.wp.com\/kathrinbode.de\/art\/wp-content\/uploads\/2017\/07\/rtz-20.jpg?resize=225%2C300\" alt=\"\" width=\"225\" height=\"300\" srcset=\"https:\/\/i0.wp.com\/kathrinbode.de\/art\/wp-content\/uploads\/2017\/07\/rtz-20.jpg?resize=225%2C300 225w, https:\/\/i0.wp.com\/kathrinbode.de\/art\/wp-content\/uploads\/2017\/07\/rtz-20.jpg?resize=768%2C1024 768w, https:\/\/i0.wp.com\/kathrinbode.de\/art\/wp-content\/uploads\/2017\/07\/rtz-20.jpg?resize=285%2C380 285w, https:\/\/i0.wp.com\/kathrinbode.de\/art\/wp-content\/uploads\/2017\/07\/rtz-20.jpg?w=2000 2000w\" sizes=\"auto, (max-width: 225px) 100vw, 225px\" \/><\/a><figcaption id=\"caption-attachment-3780\" class=\"wp-caption-text\">das wird benutzt<\/figcaption><\/figure>\n<figure id=\"attachment_3779\" aria-describedby=\"caption-attachment-3779\" style=\"width: 263px\" class=\"wp-caption aligncenter\"><a href=\"https:\/\/i0.wp.com\/kathrinbode.de\/art\/wp-content\/uploads\/2017\/07\/rtz-18.jpg\" rel=\"wpdevart_lightbox\"><img data-recalc-dims=\"1\" loading=\"lazy\" decoding=\"async\" data-attachment-id=\"3779\" data-permalink=\"http:\/\/kathrinbode.de\/art\/2017\/07\/kater-bob-und-das-zaehneputzen-mit-video\/rtz-18\/\" data-orig-file=\"https:\/\/i0.wp.com\/kathrinbode.de\/art\/wp-content\/uploads\/2017\/07\/rtz-18.jpg?fit=2918%2C3325\" data-orig-size=\"2918,3325\" data-comments-opened=\"1\" data-image-meta=\"{&quot;aperture&quot;:&quot;2.2&quot;,&quot;credit&quot;:&quot;&quot;,&quot;camera&quot;:&quot;iPhone SE&quot;,&quot;caption&quot;:&quot;&quot;,&quot;created_timestamp&quot;:&quot;1500057363&quot;,&quot;copyright&quot;:&quot;&quot;,&quot;focal_length&quot;:&quot;4.15&quot;,&quot;iso&quot;:&quot;200&quot;,&quot;shutter_speed&quot;:&quot;0.04&quot;,&quot;title&quot;:&quot;&quot;,&quot;orientation&quot;:&quot;1&quot;}\" data-image-title=\"rtz (18)\" data-image-description=\"\" data-image-caption=\"\" data-large-file=\"https:\/\/i0.wp.com\/kathrinbode.de\/art\/wp-content\/uploads\/2017\/07\/rtz-18.jpg?fit=899%2C1024\" class=\"wp-image-3779 size-medium\" src=\"https:\/\/i0.wp.com\/kathrinbode.de\/art\/wp-content\/uploads\/2017\/07\/rtz-18.jpg?resize=263%2C300\" alt=\"\" width=\"263\" height=\"300\" srcset=\"https:\/\/i0.wp.com\/kathrinbode.de\/art\/wp-content\/uploads\/2017\/07\/rtz-18.jpg?resize=263%2C300 263w, https:\/\/i0.wp.com\/kathrinbode.de\/art\/wp-content\/uploads\/2017\/07\/rtz-18.jpg?resize=768%2C875 768w, https:\/\/i0.wp.com\/kathrinbode.de\/art\/wp-content\/uploads\/2017\/07\/rtz-18.jpg?resize=899%2C1024 899w, https:\/\/i0.wp.com\/kathrinbode.de\/art\/wp-content\/uploads\/2017\/07\/rtz-18.jpg?resize=333%2C380 333w, https:\/\/i0.wp.com\/kathrinbode.de\/art\/wp-content\/uploads\/2017\/07\/rtz-18.jpg?w=2000 2000w\" sizes=\"auto, (max-width: 263px) 100vw, 263px\" \/><\/a><figcaption id=\"caption-attachment-3779\" class=\"wp-caption-text\">kann das schon alleine!<\/figcaption><\/figure>\n<p>und nun, das Video!<\/p>\n<p>&nbsp;<\/p>\n<p><iframe loading=\"lazy\" src=\"https:\/\/www.youtube.com\/embed\/FoML55g247w\" width=\"560\" height=\"315\" frameborder=\"0\" allowfullscreen=\"allowfullscreen\"><\/iframe><\/p>\n<hr \/>\n<hr \/>\n<hr \/>\n<hr \/>\n<p>&nbsp;<\/p>\n","protected":false},"excerpt":{"rendered":"<p>Kann man Katzen Z\u00e4hneputzen? Bob hat Zahnstein und zwar massig! Eine kleine Entz\u00fcndung ist auch dabei. Nun ist Z\u00e4hneputzen angesagt. Und ja, das klappt. Bei Bob. Bei Jack w\u00e4re das&hellip;<\/p>\n","protected":false},"author":1,"featured_media":0,"parent":4492,"menu_order":10,"comment_status":"closed","ping_status":"closed","template":"","meta":{"_themeisle_gutenberg_block_has_review":false,"jetpack_post_was_ever_published":false,"footnotes":""},"class_list":["post-4494","page","type-page","status-publish","hentry"],"jetpack_sharing_enabled":true,"jetpack_shortlink":"https:\/\/wp.me\/P7Iyza-1au","jetpack_likes_enabled":true,"jetpack-related-posts":[{"id":4492,"url":"http:\/\/kathrinbode.de\/art\/tierisches\/","url_meta":{"origin":4494,"position":0},"title":"Tierisches","author":"Kathrin","date":"Oktober 29, 2017","format":false,"excerpt":"Bobby, genannt Bob. Geboren ca. Sommer 2012 und der Mensch hat das Datum einfach auf den 24.08.2012 festgelegt. Eingezogen ist Bob hier am 15. Mai 2013. Er ist ein \"Rettungskater\". Seine urspr\u00fcngliche menschliche \"Familie\" wollte ihn aussetzen. \u00dcber eine weitere Person kam er dann schnell zu mir. Riesig, abgemagert mit\u2026","rel":"","context":"\u00c4hnlicher Beitrag","block_context":{"text":"\u00c4hnlicher Beitrag","link":""},"img":{"alt_text":"","src":"https:\/\/i0.wp.com\/kathrinbode.de\/art\/wp-content\/uploads\/2017\/03\/Bob-13_02_2017-1-1-300x200.jpg?resize=350%2C200","width":350,"height":200},"classes":[]},{"id":4705,"url":"http:\/\/kathrinbode.de\/art\/tierisches\/die-tierischen-mitbewohner\/","url_meta":{"origin":4494,"position":1},"title":"die tierischen Mitbewohner","author":"Kathrin","date":"November 26, 2017","format":false,"excerpt":"Bobby, genannt Bob. Geboren ca. Sommer 2012 und der Mensch hat das Datum einfach auf den 24.08.2012 festgelegt. Eingezogen ist Bob hier am 15. Mai 2013. Er ist ein \"Rettungskater\". Seine urspr\u00fcngliche menschliche \"Familie\" wollte ihn aussetzen. \u00dcber eine weitere Person kam er dann schnell zu mir. Riesig, abgemagert mit\u2026","rel":"","context":"\u00c4hnlicher Beitrag","block_context":{"text":"\u00c4hnlicher Beitrag","link":""},"img":{"alt_text":"","src":"https:\/\/i0.wp.com\/kathrinbode.de\/art\/wp-content\/uploads\/2019\/05\/Jack-09_02_2017-7-1.jpg?resize=350%2C200","width":350,"height":200,"srcset":"https:\/\/i0.wp.com\/kathrinbode.de\/art\/wp-content\/uploads\/2019\/05\/Jack-09_02_2017-7-1.jpg?resize=350%2C200 1x, https:\/\/i0.wp.com\/kathrinbode.de\/art\/wp-content\/uploads\/2019\/05\/Jack-09_02_2017-7-1.jpg?resize=525%2C300 1.5x, https:\/\/i0.wp.com\/kathrinbode.de\/art\/wp-content\/uploads\/2019\/05\/Jack-09_02_2017-7-1.jpg?resize=700%2C400 2x, https:\/\/i0.wp.com\/kathrinbode.de\/art\/wp-content\/uploads\/2019\/05\/Jack-09_02_2017-7-1.jpg?resize=1050%2C600 3x"},"classes":[]},{"id":4716,"url":"http:\/\/kathrinbode.de\/art\/tierisches\/trixie-katzenspielzeug-turning-feather\/","url_meta":{"origin":4494,"position":2},"title":"Trixie Katzenspielzeug Turning Feather","author":"Kathrin","date":"November 26, 2017","format":false,"excerpt":"Dieses Spielzeug kam nun im Katzenhaushalt an. Vor allem Jack liebt ja \"Federn\" sehr. Schnell war es ausgepackt und es muss nichts weiter aufgebaut werden. Was man braucht sind Batterien. Und zwar drei St\u00fcck (3 AA-Mignon-Batterien). Jack mag alles Neue und war schnell dabei. Bob hat alles aus sicherer Entfernung\u2026","rel":"","context":"\u00c4hnlicher Beitrag","block_context":{"text":"\u00c4hnlicher Beitrag","link":""},"img":{"alt_text":"","src":"https:\/\/i0.wp.com\/kathrinbode.de\/art\/wp-content\/uploads\/2017\/11\/IMG_6219-300x201.jpg?resize=350%2C200","width":350,"height":200},"classes":[]},{"id":4496,"url":"http:\/\/kathrinbode.de\/art\/tierisches\/wellensittiche-die-darwin-voliere-von-fressnapf\/","url_meta":{"origin":4494,"position":3},"title":"Wellensittiche &#8211; die Darwin Voliere von Fressnapf","author":"Kathrin","date":"Oktober 29, 2017","format":false,"excerpt":"An diesem Wochenende gab es keinen Ausflug zu den Teichen. Volierenaufbau und Chaosbeseitigung waren angesagt. Gekauft haben wir die Voliere beim Fressnapf in Burgdorf. Wohl ein \u00e4lteres Modell. Die neue Version hat als Schutz unten Plexiglas und nicht Pappe. Nun gut. Der nette Verk\u00e4ufer hat dieses schwere Monstrum-Paket f\u00fcr uns\u2026","rel":"","context":"\u00c4hnlicher Beitrag","block_context":{"text":"\u00c4hnlicher Beitrag","link":""},"img":{"alt_text":"","src":"https:\/\/i0.wp.com\/kathrinbode.de\/art\/wp-content\/uploads\/2017\/04\/DSC_0001-300x200.jpg?resize=350%2C200","width":350,"height":200},"classes":[]},{"id":1479,"url":"http:\/\/kathrinbode.de\/art\/kreatives\/der-kater-der-vom-himmel-fiel-kurzgeschichte\/","url_meta":{"origin":4494,"position":4},"title":"Der Kater, der vom Himmel fiel (Kurzgeschichte)","author":"Kathrin","date":"Juli 14, 2016","format":false,"excerpt":"Der Kater, der vom Himmel fiel Angefangen hatte es Ostern vor einem Jahr. Meine Mutter und ich waren im Garten, als wir hinter unserer Hecke ein ganz kl\u00e4gliches Miauen h\u00f6rten. Das Miauen geh\u00f6rte zu der Katze unseres Nachbarn. Er hatte zwei Katzen. Die eine war eine sehr Menschenbezogene Katze. Die\u2026","rel":"","context":"\u00c4hnlicher Beitrag","block_context":{"text":"\u00c4hnlicher Beitrag","link":""},"img":{"alt_text":"","src":"https:\/\/i0.wp.com\/kathrinbode.de\/art\/wp-content\/uploads\/2016\/07\/DSC_0086.jpg?fit=1199%2C794&resize=350%2C200","width":350,"height":200,"srcset":"https:\/\/i0.wp.com\/kathrinbode.de\/art\/wp-content\/uploads\/2016\/07\/DSC_0086.jpg?fit=1199%2C794&resize=350%2C200 1x, https:\/\/i0.wp.com\/kathrinbode.de\/art\/wp-content\/uploads\/2016\/07\/DSC_0086.jpg?fit=1199%2C794&resize=525%2C300 1.5x, https:\/\/i0.wp.com\/kathrinbode.de\/art\/wp-content\/uploads\/2016\/07\/DSC_0086.jpg?fit=1199%2C794&resize=700%2C400 2x, https:\/\/i0.wp.com\/kathrinbode.de\/art\/wp-content\/uploads\/2016\/07\/DSC_0086.jpg?fit=1199%2C794&resize=1050%2C600 3x"},"classes":[]},{"id":13526,"url":"http:\/\/kathrinbode.de\/art\/impressum-datenschutz\/","url_meta":{"origin":4494,"position":5},"title":"Impressum &#038; Datenschutz","author":"Kathrin","date":"Januar 15, 2023","format":false,"excerpt":"Datenschutzerkl\u00e4rung Einleitung Stand: 15. Januar 2023 Inhalts\u00fcbersicht Einleitung Verantwortlicher \u00dcbersicht der Verarbeitungen Ma\u00dfgebliche Rechtsgrundlagen Einsatz von Cookies Bereitstellung des Onlineangebotes und Webhosting Blogs und Publikationsmedien Kontakt- und Anfragenverwaltung Newsletter und elektronische Benachrichtigungen Gewinnspiele und Wettbewerbe Pr\u00e4senzen in sozialen Netzwerken (Social Media) Plugins und eingebettete Funktionen sowie Inhalte \u00c4nderung und Aktualisierung\u2026","rel":"","context":"\u00c4hnlicher Beitrag","block_context":{"text":"\u00c4hnlicher Beitrag","link":""},"img":{"alt_text":"","src":"","width":0,"height":0},"classes":[]}],"_links":{"self":[{"href":"http:\/\/kathrinbode.de\/art\/wp-json\/wp\/v2\/pages\/4494","targetHints":{"allow":["GET"]}}],"collection":[{"href":"http:\/\/kathrinbode.de\/art\/wp-json\/wp\/v2\/pages"}],"about":[{"href":"http:\/\/kathrinbode.de\/art\/wp-json\/wp\/v2\/types\/page"}],"author":[{"embeddable":true,"href":"http:\/\/kathrinbode.de\/art\/wp-json\/wp\/v2\/users\/1"}],"replies":[{"embeddable":true,"href":"http:\/\/kathrinbode.de\/art\/wp-json\/wp\/v2\/comments?post=4494"}],"version-history":[{"count":1,"href":"http:\/\/kathrinbode.de\/art\/wp-json\/wp\/v2\/pages\/4494\/revisions"}],"predecessor-version":[{"id":4495,"href":"http:\/\/kathrinbode.de\/art\/wp-json\/wp\/v2\/pages\/4494\/revisions\/4495"}],"up":[{"embeddable":true,"href":"http:\/\/kathrinbode.de\/art\/wp-json\/wp\/v2\/pages\/4492"}],"wp:attachment":[{"href":"http:\/\/kathrinbode.de\/art\/wp-json\/wp\/v2\/media?parent=4494"}],"curies":[{"name":"wp","href":"https:\/\/api.w.org\/{rel}","templated":true}]}}