{"id":4960,"date":"2018-01-17T15:12:30","date_gmt":"2018-01-17T13:12:30","guid":{"rendered":"http:\/\/kathrinbode.de\/art\/?page_id=4960"},"modified":"2018-08-26T11:39:30","modified_gmt":"2018-08-26T09:39:30","slug":"klaerteiche-2018","status":"publish","type":"page","link":"http:\/\/kathrinbode.de\/art\/fotoalben\/2017-2\/klaerteiche-2018\/","title":{"rendered":"Kl\u00e4rteiche 2018"},"content":{"rendered":"<p>Tieraufnahmen aufgenommen bei den Kl\u00e4rteichen in Lehrte<\/p>\n<p>&nbsp;<\/p>\n<p><strong>Kl\u00e4rteiche Lehrte<\/strong><\/p>\n<p><span style=\"color: #f551a3;\">&#8211; <a style=\"color: #f551a3;\" href=\"http:\/\/kathrinbode.de\/art\/2017-2\/klaerteiche-2018\/august-2018\/\" target=\"_blank\" rel=\"noopener\">August 2018<br \/>\n&#8211; <\/a><a style=\"color: #f551a3;\" href=\"http:\/\/kathrinbode.de\/art\/2017-2\/klaerteiche-2018\/juli-2018\/\" target=\"_blank\" rel=\"noopener\">Juli 2018<br \/>\n<\/a>&#8211; Juni<a style=\"color: #f551a3;\" href=\"http:\/\/kathrinbode.de\/art\/2017-2\/klaerteiche-2018\/juni-2018\/\" target=\"_blank\" rel=\"noopener\"> 2018<\/a><\/span><br \/>\n<span style=\"color: #f551a3;\">&#8211; <a style=\"color: #f551a3;\" href=\"http:\/\/kathrinbode.de\/art\/2017-2\/klaerteiche-2018\/mai-2018\/\" target=\"_blank\" rel=\"noopener\">Mai 2018<br \/>\n&#8211; <\/a><a style=\"color: #f551a3;\" href=\"http:\/\/kathrinbode.de\/art\/2017-2\/klaerteiche-2018\/april-2018\/\" target=\"_blank\" rel=\"noopener\">April 2018<br \/>\n<\/a>&#8211; <a style=\"color: #f551a3;\" href=\"http:\/\/kathrinbode.de\/art\/2017-2\/klaerteiche-2018\/maerz-2018\/\" target=\"_blank\" rel=\"noopener\">M\u00e4rz 2018<\/a><\/span><br \/>\n<span style=\"color: #f551a3;\">&#8211; <a style=\"color: #f551a3;\" href=\"http:\/\/kathrinbode.de\/art\/2017-2\/klaerteiche-2018\/februar-2018\/\" target=\"_blank\" rel=\"noopener\">Februar 2018<\/a><\/span><br \/>\n<span style=\"color: #f551a3;\">&#8211; <a style=\"color: #f551a3;\" href=\"http:\/\/kathrinbode.de\/art\/2017-2\/klaerteiche-2018\/januar-2018\/\" target=\"_blank\" rel=\"noopener\">Januar 2018<\/a><\/span><\/p>\n<p><strong>Kl\u00e4rteiche Lehrte Natur<\/strong><\/p>\n<p><strong>&#8211;\u00a0<\/strong><a href=\"http:\/\/kathrinbode.de\/art\/2017-2\/die-teiche-natur-2018\/die-teiche-natur-2\/\" target=\"_blank\" rel=\"noopener\"> April bis 2018<\/a><strong><br \/>\n<\/strong>&#8211; <a href=\"http:\/\/kathrinbode.de\/art\/2017-2\/die-teiche-natur-2018\/teiche-natur-2018-1\/\" target=\"_blank\" rel=\"noopener\">Januar bis M\u00e4rz 2018<\/a><\/p>\n","protected":false},"excerpt":{"rendered":"<p>Tieraufnahmen aufgenommen bei den Kl\u00e4rteichen in Lehrte &nbsp; Kl\u00e4rteiche Lehrte &#8211; August 2018 &#8211; Juli 2018 &#8211; Juni 2018 &#8211; Mai 2018 &#8211; April 2018 &#8211; M\u00e4rz 2018 &#8211; Februar&hellip;<\/p>\n","protected":false},"author":1,"featured_media":0,"parent":2587,"menu_order":7,"comment_status":"closed","ping_status":"closed","template":"","meta":{"_themeisle_gutenberg_block_has_review":false,"jetpack_post_was_ever_published":false,"footnotes":""},"class_list":["post-4960","page","type-page","status-publish","hentry"],"jetpack_sharing_enabled":true,"jetpack_shortlink":"https:\/\/wp.me\/P7Iyza-1i0","jetpack_likes_enabled":true,"jetpack-related-posts":[{"id":5215,"url":"http:\/\/kathrinbode.de\/art\/fotos-2019\/","url_meta":{"origin":4960,"position":0},"title":"Fotos 2019","author":"Kathrin","date":"Januar 30, 2019","format":false,"excerpt":"Kl\u00e4rteiche Lehrte 2019-> Januar -> Kl\u00e4rteiche Natur -> Lehrte Natur-> Lehrte- > Fotos 2019 allgemein Alle 2019 Fotos auf Flickr","rel":"","context":"\u00c4hnlicher Beitrag","block_context":{"text":"\u00c4hnlicher Beitrag","link":""},"img":{"alt_text":"","src":"","width":0,"height":0},"classes":[]},{"id":2587,"url":"http:\/\/kathrinbode.de\/art\/fotoalben\/2017-2\/","url_meta":{"origin":4960,"position":1},"title":"Fotos 2018","author":"Kathrin","date":"Dezember 28, 2016","format":false,"excerpt":"Fotos 2018 Kl\u00e4rteiche Lehrte Kl\u00e4rteiche Lehrte Natur Graureiher Kolonie Natur woanders (Burgdorf, Aligse, Wald, Hohnhorst) Fotos 2018 (alles m\u00f6gliche!) Alle Fotos sind auf FLICKR !","rel":"","context":"\u00c4hnlicher Beitrag","block_context":{"text":"\u00c4hnlicher Beitrag","link":""},"img":{"alt_text":"","src":"","width":0,"height":0},"classes":[]},{"id":5243,"url":"http:\/\/kathrinbode.de\/art\/fotos-2019\/klaerteiche-2019\/","url_meta":{"origin":4960,"position":2},"title":"Kl\u00e4rteiche 2019","author":"Kathrin","date":"Januar 30, 2019","format":false,"excerpt":"Januar","rel":"","context":"\u00c4hnlicher Beitrag","block_context":{"text":"\u00c4hnlicher Beitrag","link":""},"img":{"alt_text":"","src":"","width":0,"height":0},"classes":[]},{"id":5246,"url":"http:\/\/kathrinbode.de\/art\/fotos-2019\/klaerteiche-2019\/klaerteiche-januar-2019\/","url_meta":{"origin":4960,"position":3},"title":"Kl\u00e4rteiche Januar 2019","author":"Kathrin","date":"Januar 30, 2019","format":false,"excerpt":"","rel":"","context":"\u00c4hnlicher Beitrag","block_context":{"text":"\u00c4hnlicher Beitrag","link":""},"img":{"alt_text":"","src":"","width":0,"height":0},"classes":[]},{"id":5277,"url":"http:\/\/kathrinbode.de\/art\/fotos-2019\/klaerteiche-2019\/klaerteiche-februar-2019\/","url_meta":{"origin":4960,"position":4},"title":"Kl\u00e4rteiche Februar 2019","author":"Kathrin","date":"Februar 20, 2019","format":false,"excerpt":"","rel":"","context":"\u00c4hnlicher Beitrag","block_context":{"text":"\u00c4hnlicher Beitrag","link":""},"img":{"alt_text":"","src":"","width":0,"height":0},"classes":[]},{"id":5388,"url":"http:\/\/kathrinbode.de\/art\/fotografie\/","url_meta":{"origin":4960,"position":5},"title":"Fotografie","author":"Kathrin","date":"Mai 31, 2019","format":false,"excerpt":"Ausstellungen & gedruckt: 2024 - Hegeringsversammlung Lehrte - Lehrter Land & Leute - Wildtierfoto Magazin2023 - meine Fotos waren bei zwei Hegeringsversammlungen & bei der Sonderausstellung \"J\u00e4gerschaft im Gro\u00dfen Freien\" im Regionalmuseum Rethmar mit dabei2022 - Ausstellung im Gloria Park Lehrte2019 - Kunst im Schaufenster 2019 - Gloria Park Lehrte\u00a0\u2026","rel":"","context":"\u00c4hnlicher Beitrag","block_context":{"text":"\u00c4hnlicher Beitrag","link":""},"img":{"alt_text":"","src":"https:\/\/i0.wp.com\/kathrinbode.de\/art\/wp-content\/uploads\/2019\/07\/ueber-1.jpg?resize=350%2C200","width":350,"height":200},"classes":[]}],"_links":{"self":[{"href":"http:\/\/kathrinbode.de\/art\/wp-json\/wp\/v2\/pages\/4960","targetHints":{"allow":["GET"]}}],"collection":[{"href":"http:\/\/kathrinbode.de\/art\/wp-json\/wp\/v2\/pages"}],"about":[{"href":"http:\/\/kathrinbode.de\/art\/wp-json\/wp\/v2\/types\/page"}],"author":[{"embeddable":true,"href":"http:\/\/kathrinbode.de\/art\/wp-json\/wp\/v2\/users\/1"}],"replies":[{"embeddable":true,"href":"http:\/\/kathrinbode.de\/art\/wp-json\/wp\/v2\/comments?post=4960"}],"version-history":[{"count":3,"href":"http:\/\/kathrinbode.de\/art\/wp-json\/wp\/v2\/pages\/4960\/revisions"}],"predecessor-version":[{"id":5112,"href":"http:\/\/kathrinbode.de\/art\/wp-json\/wp\/v2\/pages\/4960\/revisions\/5112"}],"up":[{"embeddable":true,"href":"http:\/\/kathrinbode.de\/art\/wp-json\/wp\/v2\/pages\/2587"}],"wp:attachment":[{"href":"http:\/\/kathrinbode.de\/art\/wp-json\/wp\/v2\/media?parent=4960"}],"curies":[{"name":"wp","href":"https:\/\/api.w.org\/{rel}","templated":true}]}}